{"id":1614,"date":"2022-06-09T09:17:39","date_gmt":"2022-06-09T09:17:39","guid":{"rendered":"https:\/\/dpgsv.regiohealth.net\/?page_id=1614"},"modified":"2026-03-26T07:44:19","modified_gmt":"2026-03-26T07:44:19","slug":"1614-2","status":"publish","type":"page","link":"https:\/\/dpgsv.de\/pl\/1614-2\/","title":{"rendered":"O nas"},"content":{"rendered":"<style>\/*! elementor - v3.6.5 - 27-04-2022 *\/<br \/>\n.elementor-heading-title{padding:0;margin:0;line-height:1}.elementor-widget-heading .elementor-heading-title[class*=elementor-size-]>a{color:inherit;font-size:inherit;line-height:inherit}.elementor-widget-heading .elementor-heading-title.elementor-size-small{font-size:15px}.elementor-widget-heading .elementor-heading-title.elementor-size-medium{font-size:19px}.elementor-widget-heading .elementor-heading-title.elementor-size-large{font-size:29px}.elementor-widget-heading .elementor-heading-title.elementor-size-xl{font-size:39px}.elementor-widget-heading .elementor-heading-title.elementor-size-xxl{font-size:59px}<\/style>\n<h2 style=\"font-variant-ligatures: normal; font-variant-caps: normal; font-family: var( --e-global-typography-primary-font-family ), Sans-serif; font-style: normal; font-weight: var( --e-global-typography-primary-font-weight );\" data-elementor-setting-key=\"title\" data-pen-placeholder=\"Type Here...\">Vorstand<\/h2>\n<style>\/*! elementor - v3.6.5 - 27-04-2022 *\/<br \/>\n.e-container.e-container--row .elementor-spacer-inner{width:var(--spacer-size)}.e-container.e-container--column .elementor-spacer-inner,.elementor-column .elementor-spacer-inner{height:var(--spacer-size)}<\/style>\n<style>\/*! elementor - v3.6.5 - 27-04-2022 *\/<br \/>\n.elementor-widget-image{text-align:center}.elementor-widget-image a{display:inline-block}.elementor-widget-image a img[src$=\".svg\"]{width:48px}.elementor-widget-image img{vertical-align:middle;display:inline-block}<\/style>\n<p><img fetchpriority=\"high\" decoding=\"async\" src=\"https:\/\/dpgsv.de\/wp-content\/uploads\/2022\/06\/240x2401.jpg\" sizes=\"(max-width: 238px) 100vw, 238px\" srcset=\"https:\/\/dpgsv.de\/wp-content\/uploads\/2022\/06\/240x2401.jpg 238w, https:\/\/dpgsv.de\/wp-content\/uploads\/2022\/06\/240x2401-150x150.jpg 150w\" alt=\"\" width=\"238\" height=\"240\" \/><\/p>\n<p style=\"text-align: left;\">Enrico Triebel,\u00a0<strong>Pr\u00e4sident<\/strong><\/p>\n<p>Als studierter Jurist war Enrico Triebel viele Jahre als Vorstand f\u00fcr Personal und Recht im diakonischen Bereich f\u00fcr Kranken- und Pflegeeinrichtungen t\u00e4tig. Er ist Lehrbeauftragter an der Medizinischen Universit\u00e4t Lausitz (MUL-CT), der Medizinische Hochschule Brandenburg und an der BTU Cottbus-Senftenberg im Bereich Pflegerecht, Therapiewissenschaften und Gesundheitspolitik. Im Verband fungiert er als Pr\u00e4sident.<\/p>\n<p><a href=\"mailto:triebel@dpgsv.de\">triebel@dpgsv.de<\/a><\/p>\n<p><img decoding=\"async\" src=\"https:\/\/dpgsv.de\/wp-content\/uploads\/2022\/06\/unnamed.jpeg\" sizes=\"(max-width: 241px) 100vw, 241px\" srcset=\"https:\/\/dpgsv.de\/wp-content\/uploads\/2022\/06\/unnamed.jpeg 241w, https:\/\/dpgsv.de\/wp-content\/uploads\/2022\/06\/unnamed-150x150.jpeg 150w, https:\/\/dpgsv.de\/wp-content\/uploads\/2022\/06\/unnamed-230x230.jpeg 230w\" alt=\"\" width=\"241\" height=\"241\" \/><\/p>\n<p style=\"text-align: left;\">Peter Heyse,\u00a0<strong>Vizepr\u00e4sident<\/strong><\/p>\n<p>Peter Heyse ist seit mehr als 20 Jahre im Gesundheits- und Sozialwesen in der Deutsch-Polnischen Grenzregion t\u00e4tig. Mit seinen langj\u00e4hrigen Erfahrungen in den Bereichen medizinische Versorgung und Eingliederungshilfe kennt er die Herausforderungen und die Chancen einer grenz\u00fcberschreitenden Netzwerkarbeit im Gesundheitswesen. Als Vizepr\u00e4sident unterst\u00fctzt er den Vorstand.<\/p>\n<p><a href=\"mailto:heyse@dpgsv.de\">heyse@dpgsv.de<\/a><\/p>\n<p><img decoding=\"async\" class=\"alignnone  wp-image-2276\" src=\"https:\/\/dpgsv.de\/wp-content\/uploads\/2026\/03\/Frame-10879-1-300x300.png\" alt=\"\" width=\"238\" height=\"238\" srcset=\"https:\/\/dpgsv.de\/wp-content\/uploads\/2026\/03\/Frame-10879-1-300x300.png 300w, https:\/\/dpgsv.de\/wp-content\/uploads\/2026\/03\/Frame-10879-1-150x150.png 150w, https:\/\/dpgsv.de\/wp-content\/uploads\/2026\/03\/Frame-10879-1-12x12.png 12w, https:\/\/dpgsv.de\/wp-content\/uploads\/2026\/03\/Frame-10879-1-270x270.png 270w, https:\/\/dpgsv.de\/wp-content\/uploads\/2026\/03\/Frame-10879-1-230x230.png 230w, https:\/\/dpgsv.de\/wp-content\/uploads\/2026\/03\/Frame-10879-1.png 523w\" sizes=\"(max-width: 238px) 100vw, 238px\" \/><\/p>\n<p style=\"text-align: left;\">Christian Lombardt,\u00a0<strong>Schatzmeister<\/strong><\/p>\n<p>Christian Lombardt ist Gr\u00fcnder und Gesch\u00e4ftsf\u00fchrer des Unternehmensnetzwerks\u00a0<a href=\"https:\/\/regiohealth.net\" target=\"_blank\" rel=\"noopener\">RegioHealth Network<\/a>, das sich seit \u00fcber 20 Jahren beratend und organisierend in der betrieblichen und kommunalen Gesundheitspr\u00e4vention engagiert. Er ist ein ausgewiesener Experte f\u00fcr &#8222;Gesunde Lebenswelten&#8220; und nachhaltige Gesundheitsvorsorge. Er sitzt dem Verband derzeit als Schatzmeister vor.<\/p>\n<p><a href=\"mailto:lombardt@dpgsv.de\">lombardt@dpgsv.de<\/a><\/p>\n<p><img loading=\"lazy\" decoding=\"async\" class=\"alignnone  wp-image-2277\" src=\"https:\/\/dpgsv.de\/wp-content\/uploads\/2026\/03\/Frame-10880-300x300.png\" alt=\"\" width=\"236\" height=\"236\" srcset=\"https:\/\/dpgsv.de\/wp-content\/uploads\/2026\/03\/Frame-10880-300x300.png 300w, https:\/\/dpgsv.de\/wp-content\/uploads\/2026\/03\/Frame-10880-150x150.png 150w, https:\/\/dpgsv.de\/wp-content\/uploads\/2026\/03\/Frame-10880-12x12.png 12w, https:\/\/dpgsv.de\/wp-content\/uploads\/2026\/03\/Frame-10880-270x270.png 270w, https:\/\/dpgsv.de\/wp-content\/uploads\/2026\/03\/Frame-10880-230x230.png 230w, https:\/\/dpgsv.de\/wp-content\/uploads\/2026\/03\/Frame-10880.png 635w\" sizes=\"(max-width: 236px) 100vw, 236px\" \/><\/p>\n<p>Ana Galtung, <strong>Projektmitarbeiterin<\/strong><\/p>\n<p>Ana Galtung verantwortete seit mehreren Jahren die Kommunikation im RegioHealth Netzwerk sowie die Koordination von Gesundheitsbildungsangeboten. Mit ihrem Hintergrund in Internationaler Entwicklung und Internationalen Beziehungen sowie als Gesch\u00e4ftsf\u00fchrerin der RegioHealth gGmbH engagiert sie sich f\u00fcr gesundheitliche Chancengleichheit, soziale Teilhabe und inklusive Gesundheitsstrukturen und wirkt an der Weiterentwicklung innovativer Ans\u00e4tze im deutsch-polnischen Kontext mit.<\/p>\n<p><a href=\"mailto:ana.galtung@regiohealth.net\">ana.galtung@regiohealth.net<\/a><\/p>\n","protected":false},"excerpt":{"rendered":"<p>Vorstand Enrico Triebel,\u00a0Pr\u00e4sident Als studierter Jurist war Enrico Triebel viele Jahre als Vorstand f\u00fcr Personal und Recht im diakonischen Bereich f\u00fcr Kranken- und Pflegeeinrichtungen t\u00e4tig. Er ist Lehrbeauftragter an der Medizinischen Universit\u00e4t Lausitz (MUL-CT), der Medizinische Hochschule Brandenburg und an<\/p>","protected":false},"author":1,"featured_media":0,"parent":0,"menu_order":0,"comment_status":"closed","ping_status":"closed","template":"","meta":{"footnotes":""},"class_list":["post-1614","page","type-page","status-publish","hentry"],"_links":{"self":[{"href":"https:\/\/dpgsv.de\/pl\/wp-json\/wp\/v2\/pages\/1614","targetHints":{"allow":["GET"]}}],"collection":[{"href":"https:\/\/dpgsv.de\/pl\/wp-json\/wp\/v2\/pages"}],"about":[{"href":"https:\/\/dpgsv.de\/pl\/wp-json\/wp\/v2\/types\/page"}],"author":[{"embeddable":true,"href":"https:\/\/dpgsv.de\/pl\/wp-json\/wp\/v2\/users\/1"}],"replies":[{"embeddable":true,"href":"https:\/\/dpgsv.de\/pl\/wp-json\/wp\/v2\/comments?post=1614"}],"version-history":[{"count":71,"href":"https:\/\/dpgsv.de\/pl\/wp-json\/wp\/v2\/pages\/1614\/revisions"}],"predecessor-version":[{"id":2279,"href":"https:\/\/dpgsv.de\/pl\/wp-json\/wp\/v2\/pages\/1614\/revisions\/2279"}],"wp:attachment":[{"href":"https:\/\/dpgsv.de\/pl\/wp-json\/wp\/v2\/media?parent=1614"}],"curies":[{"name":"wp","href":"https:\/\/api.w.org\/{rel}","templated":true}]}}